{"id":15,"date":"2016-02-17T09:33:45","date_gmt":"2016-02-17T09:33:45","guid":{"rendered":"http:\/\/medi-chi.hu\/?page_id=15"},"modified":"2016-07-25T07:13:10","modified_gmt":"2016-07-25T07:13:10","slug":"rolunk","status":"publish","type":"page","link":"https:\/\/medi-chi.hu\/index.php\/rolunk\/","title":{"rendered":"R\u00f3lunk"},"content":{"rendered":"<div id=\"pl-15\"  class=\"panel-layout\" ><div id=\"pg-15-0\"  class=\"panel-grid panel-no-style\" ><div id=\"pgc-15-0-0\"  class=\"panel-grid-cell\" ><div id=\"panel-15-0-0-0\" class=\"so-panel widget widget_sow-editor panel-first-child panel-last-child\" data-index=\"0\" ><div class=\"so-widget-sow-editor so-widget-sow-editor-base\">\n<div class=\"siteorigin-widget-tinymce textwidget\">\n\t<p style=\"font-weight: bold; font-size: 20px;\" align=\"center\">\u00a0K\u00f6sz\u00f6ntelek kedves l\u00e1togat\u00f3!<\/p>\n<p style=\"text-align: center;\"><img data-attachment-id=\"386\" data-permalink=\"https:\/\/medi-chi.hu\/index.php\/rolunk\/img_5647\/\" data-orig-file=\"https:\/\/i1.wp.com\/medi-chi.hu\/wp-content\/uploads\/2016\/02\/IMG_5647.jpg?fit=414%2C305&amp;ssl=1\" data-orig-size=\"414,305\" data-comments-opened=\"0\" data-image-meta=\"{&quot;aperture&quot;:&quot;7.1&quot;,&quot;credit&quot;:&quot;&quot;,&quot;camera&quot;:&quot;Canon EOS 300D DIGITAL&quot;,&quot;caption&quot;:&quot;&quot;,&quot;created_timestamp&quot;:&quot;1306689081&quot;,&quot;copyright&quot;:&quot;&quot;,&quot;focal_length&quot;:&quot;55&quot;,&quot;iso&quot;:&quot;100&quot;,&quot;shutter_speed&quot;:&quot;0.01&quot;,&quot;title&quot;:&quot;&quot;,&quot;orientation&quot;:&quot;0&quot;}\" data-image-title=\"IMG_5647\" data-image-description=\"\" data-medium-file=\"https:\/\/i1.wp.com\/medi-chi.hu\/wp-content\/uploads\/2016\/02\/IMG_5647.jpg?fit=300%2C221&amp;ssl=1\" data-large-file=\"https:\/\/i1.wp.com\/medi-chi.hu\/wp-content\/uploads\/2016\/02\/IMG_5647.jpg?fit=414%2C305&amp;ssl=1\" loading=\"lazy\" class=\"alignleft size-medium wp-image-386\" src=\"https:\/\/i1.wp.com\/medi-chi.hu\/wp-content\/uploads\/2016\/02\/IMG_5647.jpg?resize=300%2C221\" alt=\"IMG_5647\" width=\"300\" height=\"221\" srcset=\"https:\/\/i1.wp.com\/medi-chi.hu\/wp-content\/uploads\/2016\/02\/IMG_5647.jpg?resize=300%2C221&amp;ssl=1 300w, https:\/\/i1.wp.com\/medi-chi.hu\/wp-content\/uploads\/2016\/02\/IMG_5647.jpg?w=414&amp;ssl=1 414w\" sizes=\"(max-width: 300px) 100vw, 300px\" data-recalc-dims=\"1\" \/><\/p>\n<p>Engedd meg, hogy r\u00f6viden bemutatkozzam.<\/p>\n<p>Eg\u00e9szen kisgyermekkoromt\u00f3l fogva r\u00e9sz\u00e9t k\u00e9pezte az \u00e9letemnek az a gondolkod\u00e1s m\u00f3d ami miatt most itt vagyok. Vonzottak a megmagyar\u00e1zhatatlan, misztikus dolgok, mindig kerestem a \u201emi\u00e9rtekre\u201d a v\u00e1laszt a dolgok m\u00f6g\u00f6ttes<\/p>\n<p>m\u00e9lyebb meg\u00e9rt\u00e9s\u00e9re. Mindig figyeltem \u00e9s mindig \u201egondolkodtam, analiz\u00e1ltam\u201d\u00a0 Igen a logika \u00e9s a misztikum k\u00e9z a k\u00e9zben j\u00e1r. Fokozatosan fordultam a keleti tanok \u00fatja fel\u00e9 amiben \u00fagy \u00e9reztem sokkal t\u00f6bb lehet\u0151s\u00e9g van \u00f6nmagunk \u00e9s ezen kereszt\u00fcl a vil\u00e1g meg\u00e9rt\u00e9s\u00e9re, megismer\u00e9s\u00e9re. Mint sokan m\u00e1sok el\u0151sz\u00f6r \u00e9n is k\u00f6nyvekkel kezdtem majd a harcm\u0171v\u00e9szetek ir\u00e1ny\u00e1ba fordultam ami nagyon alkalmas a nagyobb testtudatoss\u00e1g\u00a0 koncentr\u00e1ci\u00f3 \u00e9s intu\u00edci\u00f3 el\u00e9r\u00e9s\u00e9hez.<\/p>\n<p>Az \u00e9vek alatt \u00f6sszegy\u0171lt rengeteg tapasztalat inform\u00e1ci\u00f3 lassan komplex rend\u00e9 form\u00e1l\u00f3dott bennem aminek komoly r\u00e9sz\u00e9t k\u00e9pezik a nyugat alternat\u00edv tudom\u00e1nyok is! \u00c9s ahogy a sz\u00e9p magyar mond\u00e1s is sz\u00f3l \u201e J\u00f3 pap holtig tanul.\u201d Mindig szem el\u0151tt tartom a v\u00e1ltoz\u00e1st \u00e9s az ismereteim folyamatos b\u0151v\u00edt\u00e9s\u00e9t.<\/p>\n<p>Korunk komoly hib\u00e1ja, hogy csak a k\u00e9zzelfoghat\u00f3 dolgokkal foglalkozik. A vil\u00e1g, az emberek \u00e9s a gy\u00f3gy\u00edt\u00e1s is csak horizont\u00e1lisan az \u201eanyaggal\u201d \u00a0(testel) foglalkozik. Ez pedig sajnos nagyobb teret enged az egonak, m\u00edg a l\u00e9lek \u00e9s a szellem csak egyre sorvad.. Szinte teljesen elvesz\u00edtett\u00fck vele a kapcsolatot.<\/p>\n<p>Sok\u00e1ig nem k\u00e9pezte r\u00e9sz\u00e9t az \u00e9letemnek a gy\u00f3gy\u00edt\u00e1s, de szem\u00e9lyes tapasztalatokb\u00f3l \u00e9rtettem meg az emberek mennyire elveszettek \u00e9s \u00fatbaigaz\u00edt\u00e1sra, seg\u00edts\u00e9gre szorulnak. \u00cd<img data-attachment-id=\"338\" data-permalink=\"https:\/\/medi-chi.hu\/index.php\/rolunk\/p1000670-2\/\" data-orig-file=\"https:\/\/i2.wp.com\/medi-chi.hu\/wp-content\/uploads\/2016\/02\/P1000670.png?fit=1345%2C1382&amp;ssl=1\" data-orig-size=\"1345,1382\" data-comments-opened=\"0\" data-image-meta=\"{&quot;aperture&quot;:&quot;0&quot;,&quot;credit&quot;:&quot;&quot;,&quot;camera&quot;:&quot;&quot;,&quot;caption&quot;:&quot;&quot;,&quot;created_timestamp&quot;:&quot;0&quot;,&quot;copyright&quot;:&quot;&quot;,&quot;focal_length&quot;:&quot;0&quot;,&quot;iso&quot;:&quot;0&quot;,&quot;shutter_speed&quot;:&quot;0&quot;,&quot;title&quot;:&quot;&quot;,&quot;orientation&quot;:&quot;0&quot;}\" data-image-title=\"P1000670\" data-image-description=\"\" data-medium-file=\"https:\/\/i2.wp.com\/medi-chi.hu\/wp-content\/uploads\/2016\/02\/P1000670.png?fit=292%2C300&amp;ssl=1\" data-large-file=\"https:\/\/i2.wp.com\/medi-chi.hu\/wp-content\/uploads\/2016\/02\/P1000670.png?fit=821%2C843&amp;ssl=1\" loading=\"lazy\" class=\"size-medium wp-image-338 alignright\" src=\"https:\/\/i2.wp.com\/medi-chi.hu\/wp-content\/uploads\/2016\/02\/P1000670.png?resize=292%2C300\" alt=\"P1000670\" width=\"292\" height=\"300\" srcset=\"https:\/\/i2.wp.com\/medi-chi.hu\/wp-content\/uploads\/2016\/02\/P1000670.png?resize=292%2C300&amp;ssl=1 292w, https:\/\/i2.wp.com\/medi-chi.hu\/wp-content\/uploads\/2016\/02\/P1000670.png?resize=768%2C789&amp;ssl=1 768w, https:\/\/i2.wp.com\/medi-chi.hu\/wp-content\/uploads\/2016\/02\/P1000670.png?resize=997%2C1024&amp;ssl=1 997w, https:\/\/i2.wp.com\/medi-chi.hu\/wp-content\/uploads\/2016\/02\/P1000670.png?w=1345&amp;ssl=1 1345w\" sizes=\"(max-width: 292px) 100vw, 292px\" data-recalc-dims=\"1\" \/>gy kezdtem el foglalkozni a term\u00e9szetgy\u00f3gy\u00e1szattal. A megszerzett tud\u00e1somat, tapasztalataimat a lehet\u0151 legnagyobb tisztelettel, egy\u00fctt\u00e9rz\u00e9ssel \u00e9s meg\u00e9rt\u00e9ssel igyekszem \u00e1tadni. C\u00e9lom a szervezet \u00f6ngy\u00f3gy\u00edt\u00f3 folyamatait seg\u00edteni, helyre\u00e1ll\u00edtani, amennyire csak lehet ker\u00fcl\u00f6m az ivaz\u00edvabb beavatkoz\u00e1sokat. Ezt szem el\u0151tt tartva alkalmazok: Keleti \u00e9s nyugati massz\u00e1zsfajt\u00e1kat, Cranio-sacralis ter\u00e1pi\u00e1t, moz\u00e1ster\u00e1pi\u00e1t (Chikung-Taichi), f\u00fclakupunkt\u00far\u00e1t, Akupressz\u00far\u00e1t, Koreai k\u00e9z \u00e9s l\u00e1b akupressz\u00far\u00e1t magokkal \u00e9s m\u00e1gnesekkel, rezg\u00e9s \u00e9s hangter\u00e1pi\u00e1t. Ezen m\u00f3dszerek ismerete lehet\u0151v\u00e9 teszi, hogy sz\u00fcks\u00e9g szerint v\u00e1lasszam meg alkalmaz\u00e1sukat, illetve egyidej\u0171 haszn\u00e1latukat, melyek kieg\u00e9sz\u00edtik \u00e9s t\u00e1mogatj\u00e1k is egym\u00e1st.<\/p>\n<p>Minden kedves \u00e9rdekl\u0151d\u0151t, seg\u00edts\u00e9gre szorul\u00f3t, vagy csak \u00f6nmag\u00e1\u00e9rt tenni akar\u00f3t v\u00e1rok szeretettel!<\/p>\n<div>\n<div>\" A nem cselekv\u00e9s az igazi cselekv\u00e9s! T\u00f6bbet \u00e9r ezernyi tettn\u00e9l a mozdulatlans\u00e1g egy pillanata. \"<\/div>\n<\/div>\n<div><i>Vang Xiangzhai<\/i><\/div>\n<\/div>\n<\/div><\/div><\/div><\/div><\/div>","protected":false},"excerpt":{"rendered":"<p>\u00a0K\u00f6sz\u00f6ntelek kedves l\u00e1togat\u00f3!Engedd meg, hogy r\u00f6viden bemutatkozzam.Eg\u00e9szen kisgyermekkoromt\u00f3l fogva r\u00e9sz\u00e9t k\u00e9pezte az \u00e9letemnek az a gondolkod\u00e1s m\u00f3d ami miatt most itt vagyok. Vonzottak a megmagyar\u00e1zhatatlan, misztikus dolgok, mindig kerestem a \u201emi\u00e9rtekre\u201d a v\u00e1laszt a dolgok m\u00f6g\u00f6ttesm\u00e9lyebb meg\u00e9rt\u00e9s\u00e9re. Mindig figyeltem \u00e9s mindig \u201egondolkodtam, analiz\u00e1ltam\u201d\u00a0 Igen a logika \u00e9s a misztikum k\u00e9z a k\u00e9zben j\u00e1r. Fokozatosan fordultam&hellip;<\/p>\n","protected":false},"author":1,"featured_media":0,"parent":0,"menu_order":0,"comment_status":"closed","ping_status":"closed","template":"","meta":{"spay_email":""},"jetpack_sharing_enabled":true,"jetpack_shortlink":"https:\/\/wp.me\/P7fnlG-f","jetpack-related-posts":[{"id":17,"url":"https:\/\/medi-chi.hu\/index.php\/szolgaltatasaink\/","url_meta":{"origin":15,"position":0},"title":"Szolg\u00e1ltat\u00e1saink","date":"2016-02-17","format":false,"excerpt":"Massz\u00e9\u00e1zster\u00e1pi\u00e1k Ahogy a stresszt\u0151l kialakulnak fizikai t\u00fcnetek, \u00fagy ezen t\u00fcnetek massz\u00e1zsal t\u00f6rt\u00e9n\u0151 kezel\u00e9se visszafele is hat, \u00e9s ellazults\u00e1got, megnyugv\u00e1st, jobb energia \u00e1raml\u00e1st hoz l\u00e9tre! Tov\u00e1bb Cranio-sacralis ter\u00e1pia A cranio-sacralis ter\u00e1pia egy k\u00fcl\u00f6nlegesen gyeng\u00e9d, m\u00e9gis rendk\u00edv\u00fcli m\u00f3don hat\u00e9kony kezel\u00e9si forma, amely a szervezet \u00f6ngy\u00f3gy\u00edt\u00f3 mechanizmusaira, term\u00e9szetes v\u00e9dekez\u0151k\u00e9pess\u00e9g\u00e9re gyakorol hat\u00e1st, mik\u00f6zben lenyugtatja\u2026","rel":"","context":"Similar post","img":{"alt_text":"","src":"","width":0,"height":0},"classes":[]},{"id":141,"url":"https:\/\/medi-chi.hu\/index.php\/szolgaltatasaink\/szolgaltatas1\/","url_meta":{"origin":15,"position":1},"title":"Massz\u00e1zster\u00e1pi\u00e1k","date":"2016-03-22","format":false,"excerpt":"A massz\u00e1zs mindenkinek m\u00e1st jelent.. Minden ember m\u00e1st rem\u00e9l egy kezel\u00e9s sor\u00e1n. Van aki csak a f\u00e1j\u00f3 \u00e9s elgy\u00f6t\u00f6rt izmait befesz\u00fclt \u00edz\u00fcleteit szeretn\u00e9 kilaz\u00edtani, ez a leg \u00e1ltal\u00e1nosabb. Van aki egy kis megnyugv\u00e1st keres mert csak ilyenkor k\u00e9pes r\u00e1. \u00c9s m\u00e9g\u00a0sok\u00e1ig lehetne folytatni a sort\u2026 T\u00e9ny, hogy mai rohan\u00f3 vil\u00e1gunkban\u2026","rel":"","context":"Similar post","img":{"alt_text":"23","src":"https:\/\/i0.wp.com\/medi-chi.hu\/wp-content\/uploads\/2016\/04\/23.jpe?resize=350%2C200","width":350,"height":200},"classes":[]},{"id":326,"url":"https:\/\/medi-chi.hu\/index.php\/szolgaltatasaink\/ful-akupunktura\/","url_meta":{"origin":15,"position":2},"title":"F\u00fcl akupunkt\u00fara","date":"2016-03-30","format":false,"excerpt":"A kezel\u00e9s sor\u00e1n a f\u00fcl mint a test teljes holografikus lenyomata ker\u00fcl stimul\u00e1l\u00e1sra t\u0171kkel, vagy elektromosan. Ennek hat\u00e1s\u00e1ra beavatkoz\u00e1s t\u00f6rt\u00e9nik a szervezet energia folyamataiba, mely j\u00f3t\u00e9konyan befoly\u00e1solja az eg\u00e9sz szervezet m\u0171k\u00f6d\u00e9s\u00e9t, gy\u00f3gyul\u00e1s\u00e1t. Az eredm\u00e9ny nagyon gyorsan jelentkezik, a t\u0171 besz\u00far\u00e1s\u00e1t k\u00f6vet\u0151 t\u00edz percen \u00a0bel\u00fcl elkezdi kifejteni pozit\u00edv hat\u00e1s\u00e1t:\u00a0 cs\u00f6kken a\u2026","rel":"","context":"Similar post","img":{"alt_text":"","src":"https:\/\/i2.wp.com\/medi-chi.hu\/wp-content\/uploads\/2016\/03\/ful-300x283.png?resize=350%2C200","width":350,"height":200},"classes":[]},{"id":200,"url":"https:\/\/medi-chi.hu\/","url_meta":{"origin":15,"position":3},"title":"Kezd\u0151oldal","date":"2016-03-25","format":false,"excerpt":"\u00a0 \" Csak k\u00e9t nap van az \u00e9vben, mikor semmit sem tehetsz. Az egyik a tegnap, a m\u00e1sik a holnap. Teh\u00e1t csak a ma a megfelel\u0151 nap arra, hogy szeress, hogy higgy \u00e9s els\u0151sorban, hogy \u00e9lj! \" Dalai L\u00e1ma \u00a0 Aj\u00e1nd\u00e9kozzon b\u00e9rletet! R\u00f3lunk: A megszerzett tud\u00e1somat, tapasztalataimat a lehet\u0151 legnagyobb\u2026","rel":"","context":"Similar post","img":{"alt_text":"","src":"https:\/\/i1.wp.com\/medi-chi.hu\/wp-content\/uploads\/2016\/03\/ajandek.png?resize=350%2C200","width":350,"height":200},"classes":[]}],"_links":{"self":[{"href":"https:\/\/medi-chi.hu\/index.php\/wp-json\/wp\/v2\/pages\/15"}],"collection":[{"href":"https:\/\/medi-chi.hu\/index.php\/wp-json\/wp\/v2\/pages"}],"about":[{"href":"https:\/\/medi-chi.hu\/index.php\/wp-json\/wp\/v2\/types\/page"}],"author":[{"embeddable":true,"href":"https:\/\/medi-chi.hu\/index.php\/wp-json\/wp\/v2\/users\/1"}],"replies":[{"embeddable":true,"href":"https:\/\/medi-chi.hu\/index.php\/wp-json\/wp\/v2\/comments?post=15"}],"version-history":[{"count":28,"href":"https:\/\/medi-chi.hu\/index.php\/wp-json\/wp\/v2\/pages\/15\/revisions"}],"predecessor-version":[{"id":342,"href":"https:\/\/medi-chi.hu\/index.php\/wp-json\/wp\/v2\/pages\/15\/revisions\/342"}],"wp:attachment":[{"href":"https:\/\/medi-chi.hu\/index.php\/wp-json\/wp\/v2\/media?parent=15"}],"curies":[{"name":"wp","href":"https:\/\/api.w.org\/{rel}","templated":true}]}}