{"id":172,"date":"2016-03-24T11:57:35","date_gmt":"2016-03-24T11:57:35","guid":{"rendered":"http:\/\/medi-chi.hu\/?page_id=172"},"modified":"2016-03-24T11:57:35","modified_gmt":"2016-03-24T11:57:35","slug":"cranio-sacralis-terapia","status":"publish","type":"page","link":"https:\/\/medi-chi.hu\/index.php\/szolgaltatasaink\/cranio-sacralis-terapia\/","title":{"rendered":"Cranio-sacralis ter\u00e1pia"},"content":{"rendered":"<div id=\"pl-172\"  class=\"panel-layout\" ><div id=\"pg-172-0\"  class=\"panel-grid panel-no-style\" ><div id=\"pgc-172-0-0\"  class=\"panel-grid-cell\" ><div id=\"panel-172-0-0-0\" class=\"so-panel widget widget_sow-editor panel-first-child\" data-index=\"0\" ><div class=\"so-widget-sow-editor so-widget-sow-editor-base\">\n<div class=\"siteorigin-widget-tinymce textwidget\">\n\t<p>A cranio-sacralis ter\u00e1pia egy k\u00fcl\u00f6nlegesen gyeng\u00e9d, m\u00e9gis rendk\u00edv\u00fcli m\u00f3don hat\u00e9kony kezel\u00e9si forma, amely a szervezet \u00f6ngy\u00f3gy\u00edt\u00f3 mechanizmusaira, term\u00e9szetes v\u00e9dekez\u0151k\u00e9pess\u00e9g\u00e9re gyakorol hat\u00e1st, mik\u00f6zben lenyugtatja az idegrendszert.<\/p>\n<p>A kranioszakr\u00e1lis rendszert: a koponya, az agy, a k\u00f6zponti \u00e9s perif\u00e9ri\u00e1s idegrendszer, a gerincvel\u0151, az agyi-gerincvel\u0151 folyad\u00e9k, a hozz\u00e1 tartoz\u00f3 k\u00f6t\u00f6sz\u00f6veti h\u00e1rty\u00e1k \u00e9s a keresztcsont alkotj\u00e1k. <\/p>\n<p>A ter\u00e1pi\u00e1s kezel\u00e9s sor\u00e1n javar\u00e9szt a Dr. Sutherland, oszteopata \u00e1ltal 1930-40. k\u00f6z\u00f6tt alap\u00edtott kranioszakr\u00e1lis ter\u00e1pia gyeng\u00e9d fog\u00e1sait alkalmazzuk, kiz\u00e1r\u00f3lag a test \u00f6ngy\u00f3gy\u00edt\u00f3 folyamatait seg\u00edtve \u00e9s a test \u00f6nszab\u00e1lyoz\u00f3 rendszer\u00e9t t\u00e1mogatva, de azt semmilyen m\u00f3d\u00f3n nem manipul\u00e1lva.<br \/>Dr. John Upledger vezet\u00e9s\u00e9vel 1970-es \u00e9vekben a Michigan \u00c1llami Egyetem kutat\u00f3csoportja bebizony\u00edtotta, hogy a koponyacsontok k\u00f6z\u00f6tt nincs szil\u00e1rd \u00f6sszek\u00f6ttet\u00e9s, hanem enyh\u00e9n mozognak \u00e9s mozgathat\u00f3ak. Ez az elm\u00e9let olyan hat\u00e1sosnak bizonyult, hogy m\u00e1ra m\u00e1r a nyugati orsz\u00e1gokban l\u00e9v\u0151 klinik\u00e1kon is alkalmazz\u00e1k a cranio-sacralis ter\u00e1pi\u00e1t.<br \/>A ter\u00e1pia jellemz\u0151je a mikromanipul\u00e1ci\u00f3, amely a koponyacsontok mikromozg\u00e1sainak korrig\u00e1l\u00e1s\u00e1n alapul \u00e9s azon a felismer\u00e9sen alapszik, hogy az agy \u00e1ltal termelt gerincvel\u0151-folyad\u00e9k \u2013 mely \u00e1tmossa az agyat \u00e9s a gerincvel\u0151t \u2013 ritmikusan pulz\u00e1l. Ez a pulz\u00e1l\u00e1s minden csontban \u00e9s testsz\u00f6vetben \u00e9rz\u00e9kelhet\u0151.<br \/>A kezel\u00e9s sor\u00e1n a terapeuta az agyi gerincvel\u0151-folyad\u00e9k ritmikus pulz\u00e1l\u00e1s\u00e1ra, valamint a sz\u00f6vetek biodinamikai rendszer\u00e9re r\u00e1hangolodva a k\u00f6t\u00f6sz\u00f6veteken kereszt\u00fcl seg\u00edti a kranioszakr\u00e1lis rendszert annak term\u00e9szetes \u00f6nszab\u00e1lyoz\u00f3d\u00e1s\u00e1ban \u00e9s harmoniz\u00e1l\u00f3d\u00e1s\u00e1ban.<br \/>A kezel\u00e9s c\u00e9lja a gerincvel\u0151-folyad\u00e9k akad\u00e1lytalan \u00e1raml\u00e1s\u00e1nak, \u00e9s ez\u00e1ltal az idegrendszer zavartalan m\u0171k\u00f6d\u00e9s\u00e9nek biztos\u00edt\u00e1sa, melynek v\u00e9geredm\u00e9nyek\u00e9nt a szervezet \u00f6ngy\u00f3gy\u00edt\u00f3 \u00e9s \u00f6nszab\u00e1lyoz\u00f3 er\u0151i maxim\u00e1lis hat\u00e9konys\u00e1ggal tudnak m\u0171k\u00f6dni.<br \/>A kezel\u00e9s alatt a testsz\u00f6vetek ellazulnak, aminek hat\u00e1s\u00e1ra a v\u00e9r, a nyirok \u00e9s a sejtk\u00f6zi folyad\u00e9kok optim\u00e1lis \u00e1raml\u00e1sa megindul. Ez\u00e1ltal a sejtek k\u00e9pess\u00e9 v\u00e1lnak a megfelel\u0151 t\u00e1panyag felv\u00e9tel\u00e9re. Az agy oxig\u00e9nell\u00e1t\u00e1sa javul, valamint beindul a salaktalan\u00edt\u00e1s. Mindezek mellett a kranioszakr\u00e1lis rendszerben harmoniz\u00e1l\u00f3dnak a koponyacsontokat iz\u00fcletszer\u0171en \u00f6sszek\u00f6t\u0151 koponyavarratok, a gerincet burkol\u00f3 duracs\u0151 \u00e9s a hozz\u00e1juk tartoz\u00f3 k\u00f6t\u00f6sz\u00f6vetek \u00e9s h\u00e1rty\u00e1k fesz\u00fclts\u00e9gmentes\u00edt\u00e9s\u00e9nek seg\u00edt\u00e9se \u00e1ltal.<br \/>A kezel\u00e9s sor\u00e1n alkalmazott mozdulatok rendk\u00edv\u00fcl gyeng\u00e9dek, apr\u00f3k, \u00e9rz\u00e9kenyek; a terapeuta nem alkalmaz tekint\u00e9lyes fizikai er\u0151t vagy hirtelen mozdulatokat, a szervezet term\u00e9szetes hull\u00e1mait \u00e9s ritmus\u00e1t k\u00f6veti, ezt haszn\u00e1lja fel a szervezetben t\u00f6rt\u00e9n\u0151 v\u00e1ltoz\u00e1sok el\u0151id\u00e9z\u00e9s\u00e9hez.<\/p>\n<\/div>\n<\/div><\/div><div id=\"panel-172-0-0-1\" class=\"so-panel widget widget_sow-editor\" data-index=\"1\" ><div class=\"so-widget-sow-editor so-widget-sow-editor-base\"><h3 class=\"widget-title\">Indik\u00e1ci\u00f3i:<\/h3>\n<div class=\"siteorigin-widget-tinymce textwidget\">\n\t<p>h\u00e1t-, \u00e9s der\u00e9kf\u00e1j\u00e1s, lumb\u00e1g\u00f3, isi\u00e1sz,<br \/>asztma<br \/>depresszi\u00f3, kimer\u00fclts\u00e9g,<br \/>v\u00e9rnyom\u00e1s probl\u00e9m\u00e1k (alacsony-magas)<br \/>hormon\u00e1lis zavarok, menstru\u00e1ci\u00f3s panaszok<br \/>hall\u00e1sprobl\u00e9m\u00e1k<br \/>migr\u00e9n<br \/>kr\u00f3nikus f\u00e1radts\u00e1g<br \/>l\u00e9gz\u00e9si panaszok<br \/>hiperaktivit\u00e1s,<br \/>koncentr\u00e1ci\u00f3s \u00e9s tanul\u00e1si neh\u00e9zs\u00e9gek,<br \/>alv\u00e1szavarok,<br \/>em\u00e9szt\u00e9si probl\u00e9m\u00e1k,<br \/>dadog\u00e1s<br \/>n\u00f6v\u00e9si f\u00e1jdalom<br \/>fogcsikorgat\u00e1s, \u00e1llkapocs probl\u00e9m\u00e1k<br \/>p\u00e1nikbetegs\u00e9g,<br \/>baleseti sokk eset\u00e9n<br \/>betegs\u00e9gekb\u0151l val\u00f3 fel\u00e9p\u00fcl\u00e9sn\u00e9l<br \/>kismam\u00e1knak minden \u00e1llapotukban<br \/>gyermekekn\u00e9l seg\u00edti a testbe meg\u00e9rkez\u00e9st<br \/>gyerekek-feln\u0151ttek minden fajta pszich\u00e9s eredet\u0171 probl\u00e9m\u00e1j\u00e1nak megold\u00e1s\u00e1ban seg\u00edt<br \/>a test mindenfajta harmoniz\u00e1l\u00e1s\u00e1ra<\/p>\n<\/div>\n<\/div><\/div><div id=\"panel-172-0-0-2\" class=\"so-panel widget widget_sow-editor panel-last-child\" data-index=\"2\" ><div class=\"so-widget-sow-editor so-widget-sow-editor-base\">\n<div class=\"siteorigin-widget-tinymce textwidget\">\n\t<p>Mivel a ter\u00e1pia k\u00f6zvetlen\u00fcl az idegrendszerre hat, ez\u00e9rt a gy\u00f3gyulni v\u00e1gy\u00f3 a kezel\u00e9s alatt egy m\u00e9lyalv\u00e1sos, relax\u00e1lt \u00e1llapotba ker\u00fclhet, ami fel\u00e9r ak\u00e1r t\u00f6bb \u00f3r\u00e1s alv\u00e1ssal is. A ter\u00e1pia kezel\u0151\u00e1gyon t\u00f6rt\u00e9nik, id\u0151tartama kb. 1 \u00f3ra.<\/p>\n<\/div>\n<\/div><\/div><\/div><\/div><\/div>","protected":false},"excerpt":{"rendered":"<p>A cranio-sacralis ter\u00e1pia egy k\u00fcl\u00f6nlegesen gyeng\u00e9d, m\u00e9gis rendk\u00edv\u00fcli m\u00f3don hat\u00e9kony kezel\u00e9si forma, amely a szervezet \u00f6ngy\u00f3gy\u00edt\u00f3 mechanizmusaira, term\u00e9szetes v\u00e9dekez\u0151k\u00e9pess\u00e9g\u00e9re gyakorol hat\u00e1st, mik\u00f6zben lenyugtatja az idegrendszert.A kranioszakr\u00e1lis rendszert: a koponya, az agy, a k\u00f6zponti \u00e9s perif\u00e9ri\u00e1s idegrendszer, a gerincvel\u0151, az agyi-gerincvel\u0151 folyad\u00e9k, a hozz\u00e1 tartoz\u00f3 k\u00f6t\u00f6sz\u00f6veti h\u00e1rty\u00e1k \u00e9s a keresztcsont alkotj\u00e1k. A ter\u00e1pi\u00e1s kezel\u00e9s sor\u00e1n javar\u00e9szt&hellip;<\/p>\n","protected":false},"author":1,"featured_media":0,"parent":17,"menu_order":0,"comment_status":"closed","ping_status":"closed","template":"","meta":{"spay_email":""},"jetpack_sharing_enabled":true,"jetpack_shortlink":"https:\/\/wp.me\/P7fnlG-2M","jetpack-related-posts":[{"id":17,"url":"https:\/\/medi-chi.hu\/index.php\/szolgaltatasaink\/","url_meta":{"origin":172,"position":0},"title":"Szolg\u00e1ltat\u00e1saink","date":"2016-02-17","format":false,"excerpt":"Massz\u00e9\u00e1zster\u00e1pi\u00e1k Ahogy a stresszt\u0151l kialakulnak fizikai t\u00fcnetek, \u00fagy ezen t\u00fcnetek massz\u00e1zsal t\u00f6rt\u00e9n\u0151 kezel\u00e9se visszafele is hat, \u00e9s ellazults\u00e1got, megnyugv\u00e1st, jobb energia \u00e1raml\u00e1st hoz l\u00e9tre! Tov\u00e1bb Cranio-sacralis ter\u00e1pia A cranio-sacralis ter\u00e1pia egy k\u00fcl\u00f6nlegesen gyeng\u00e9d, m\u00e9gis rendk\u00edv\u00fcli m\u00f3don hat\u00e9kony kezel\u00e9si forma, amely a szervezet \u00f6ngy\u00f3gy\u00edt\u00f3 mechanizmusaira, term\u00e9szetes v\u00e9dekez\u0151k\u00e9pess\u00e9g\u00e9re gyakorol hat\u00e1st, mik\u00f6zben lenyugtatja\u2026","rel":"","context":"Similar post","img":{"alt_text":"","src":"","width":0,"height":0},"classes":[]},{"id":200,"url":"https:\/\/medi-chi.hu\/","url_meta":{"origin":172,"position":1},"title":"Kezd\u0151oldal","date":"2016-03-25","format":false,"excerpt":"\u00a0 \" Csak k\u00e9t nap van az \u00e9vben, mikor semmit sem tehetsz. Az egyik a tegnap, a m\u00e1sik a holnap. Teh\u00e1t csak a ma a megfelel\u0151 nap arra, hogy szeress, hogy higgy \u00e9s els\u0151sorban, hogy \u00e9lj! \" Dalai L\u00e1ma \u00a0 Aj\u00e1nd\u00e9kozzon b\u00e9rletet! R\u00f3lunk: A megszerzett tud\u00e1somat, tapasztalataimat a lehet\u0151 legnagyobb\u2026","rel":"","context":"Similar post","img":{"alt_text":"","src":"https:\/\/i1.wp.com\/medi-chi.hu\/wp-content\/uploads\/2016\/03\/ajandek.png?resize=350%2C200","width":350,"height":200},"classes":[]},{"id":15,"url":"https:\/\/medi-chi.hu\/index.php\/rolunk\/","url_meta":{"origin":172,"position":2},"title":"R\u00f3lunk","date":"2016-02-17","format":false,"excerpt":"\u00a0K\u00f6sz\u00f6ntelek kedves l\u00e1togat\u00f3! Engedd meg, hogy r\u00f6viden bemutatkozzam. Eg\u00e9szen kisgyermekkoromt\u00f3l fogva r\u00e9sz\u00e9t k\u00e9pezte az \u00e9letemnek az a gondolkod\u00e1s m\u00f3d ami miatt most itt vagyok. Vonzottak a megmagyar\u00e1zhatatlan, misztikus dolgok, mindig kerestem a \u201emi\u00e9rtekre\u201d a v\u00e1laszt a dolgok m\u00f6g\u00f6ttes m\u00e9lyebb meg\u00e9rt\u00e9s\u00e9re. Mindig figyeltem \u00e9s mindig \u201egondolkodtam, analiz\u00e1ltam\u201d\u00a0 Igen a logika \u00e9s\u2026","rel":"","context":"Similar post","img":{"alt_text":"","src":"https:\/\/i1.wp.com\/medi-chi.hu\/wp-content\/uploads\/2016\/03\/P1080721-264x300.jpg?resize=350%2C200","width":350,"height":200},"classes":[]},{"id":141,"url":"https:\/\/medi-chi.hu\/index.php\/szolgaltatasaink\/szolgaltatas1\/","url_meta":{"origin":172,"position":3},"title":"Massz\u00e1zster\u00e1pi\u00e1k","date":"2016-03-22","format":false,"excerpt":"A massz\u00e1zs mindenkinek m\u00e1st jelent.. Minden ember m\u00e1st rem\u00e9l egy kezel\u00e9s sor\u00e1n. Van aki csak a f\u00e1j\u00f3 \u00e9s elgy\u00f6t\u00f6rt izmait befesz\u00fclt \u00edz\u00fcleteit szeretn\u00e9 kilaz\u00edtani, ez a leg \u00e1ltal\u00e1nosabb. Van aki egy kis megnyugv\u00e1st keres mert csak ilyenkor k\u00e9pes r\u00e1. \u00c9s m\u00e9g\u00a0sok\u00e1ig lehetne folytatni a sort\u2026 T\u00e9ny, hogy mai rohan\u00f3 vil\u00e1gunkban\u2026","rel":"","context":"Similar post","img":{"alt_text":"23","src":"https:\/\/i0.wp.com\/medi-chi.hu\/wp-content\/uploads\/2016\/04\/23.jpe?resize=350%2C200","width":350,"height":200},"classes":[]},{"id":326,"url":"https:\/\/medi-chi.hu\/index.php\/szolgaltatasaink\/ful-akupunktura\/","url_meta":{"origin":172,"position":4},"title":"F\u00fcl akupunkt\u00fara","date":"2016-03-30","format":false,"excerpt":"A kezel\u00e9s sor\u00e1n a f\u00fcl mint a test teljes holografikus lenyomata ker\u00fcl stimul\u00e1l\u00e1sra t\u0171kkel, vagy elektromosan. Ennek hat\u00e1s\u00e1ra beavatkoz\u00e1s t\u00f6rt\u00e9nik a szervezet energia folyamataiba, mely j\u00f3t\u00e9konyan befoly\u00e1solja az eg\u00e9sz szervezet m\u0171k\u00f6d\u00e9s\u00e9t, gy\u00f3gyul\u00e1s\u00e1t. Az eredm\u00e9ny nagyon gyorsan jelentkezik, a t\u0171 besz\u00far\u00e1s\u00e1t k\u00f6vet\u0151 t\u00edz percen \u00a0bel\u00fcl elkezdi kifejteni pozit\u00edv hat\u00e1s\u00e1t:\u00a0 cs\u00f6kken a\u2026","rel":"","context":"Similar post","img":{"alt_text":"","src":"https:\/\/i2.wp.com\/medi-chi.hu\/wp-content\/uploads\/2016\/03\/ful-300x283.png?resize=350%2C200","width":350,"height":200},"classes":[]}],"_links":{"self":[{"href":"https:\/\/medi-chi.hu\/index.php\/wp-json\/wp\/v2\/pages\/172"}],"collection":[{"href":"https:\/\/medi-chi.hu\/index.php\/wp-json\/wp\/v2\/pages"}],"about":[{"href":"https:\/\/medi-chi.hu\/index.php\/wp-json\/wp\/v2\/types\/page"}],"author":[{"embeddable":true,"href":"https:\/\/medi-chi.hu\/index.php\/wp-json\/wp\/v2\/users\/1"}],"replies":[{"embeddable":true,"href":"https:\/\/medi-chi.hu\/index.php\/wp-json\/wp\/v2\/comments?post=172"}],"version-history":[{"count":1,"href":"https:\/\/medi-chi.hu\/index.php\/wp-json\/wp\/v2\/pages\/172\/revisions"}],"predecessor-version":[{"id":173,"href":"https:\/\/medi-chi.hu\/index.php\/wp-json\/wp\/v2\/pages\/172\/revisions\/173"}],"up":[{"embeddable":true,"href":"https:\/\/medi-chi.hu\/index.php\/wp-json\/wp\/v2\/pages\/17"}],"wp:attachment":[{"href":"https:\/\/medi-chi.hu\/index.php\/wp-json\/wp\/v2\/media?parent=172"}],"curies":[{"name":"wp","href":"https:\/\/api.w.org\/{rel}","templated":true}]}}